{"id":18458,"date":"2026-07-05T16:06:17","date_gmt":"2026-07-05T16:06:17","guid":{"rendered":"https:\/\/lespierresdegaelle.fr\/?post_type=product&#038;p=18458"},"modified":"2026-08-30T09:22:59","modified_gmt":"2026-08-30T09:22:59","slug":"bracelet-amethyste-foncee-bresil","status":"publish","type":"product","link":"https:\/\/lespierresdegaelle.fr\/?product=bracelet-amethyste-foncee-bresil","title":{"rendered":"Am\u00e9thyste Fonc\u00e9e Naturelle Br\u00e9sil"},"content":{"rendered":"\t\t<div data-elementor-type=\"product-post\" data-elementor-id=\"18458\" class=\"elementor elementor-18458\" data-elementor-post-type=\"product\">\n\t\t\t\t\t\t<section class=\"elementor-section elementor-top-section elementor-element elementor-element-13a65f49 elementor-section-boxed elementor-section-height-default elementor-section-height-default\" data-id=\"13a65f49\" data-element_type=\"section\" data-e-type=\"section\">\n\t\t\t\t\t\t<div class=\"elementor-container elementor-column-gap-default\">\n\t\t\t\t\t<div class=\"elementor-column elementor-col-100 elementor-top-column elementor-element elementor-element-1fa2a11e\" data-id=\"1fa2a11e\" data-element_type=\"column\" data-e-type=\"column\">\n\t\t\t<div class=\"elementor-widget-wrap elementor-element-populated\">\n\t\t\t\t\t\t<div class=\"elementor-element elementor-element-1f670606 elementor-widget elementor-widget-heading\" data-id=\"1f670606\" data-element_type=\"widget\" data-e-type=\"widget\" data-widget_type=\"heading.default\">\n\t\t\t\t<div class=\"elementor-widget-container\">\n\t\t\t\t\t<h2 class=\"elementor-heading-title elementor-size-default\">BRACELET AM\u00c9THYSTE FONC\u00c9E NATURELLE BR\u00c9SIL<\/h2>\t\t\t\t<\/div>\n\t\t\t\t<\/div>\n\t\t\t\t<div class=\"elementor-element elementor-element-5d79454b elementor-widget elementor-widget-text-editor\" data-id=\"5d79454b\" data-element_type=\"widget\" data-e-type=\"widget\" data-widget_type=\"text-editor.default\">\n\t\t\t\t<div class=\"elementor-widget-container\">\n\t\t\t\t\t\t\t\t\t<p><span style=\"font-family: tahoma, arial, helvetica, sans-serif;\">Ce somptueux bracelet est compos\u00e9 de perles provenant d&rsquo;une pierre naturelle d&rsquo;Am\u00e9thyste fonc\u00e9e du Br\u00e9sil. <\/span><\/p><p><span style=\"font-family: tahoma, arial, helvetica, sans-serif;\">Le Br\u00e9sil est mondialement connu pour la richesse de ses gisements, mais ce sont les vari\u00e9t\u00e9s les plus sombres qui captivent le regard. Ce bracelet en pierres naturelles met en valeur une am\u00e9thyste \u00e0 la robe violette soutenue, dense et myst\u00e9rieuse. <\/span><\/p><p><span style=\"font-family: tahoma, arial, helvetica, sans-serif;\">Chaque perles d\u00e9voile des d\u00e9tails uniques sous la lumi\u00e8re, oscillant entre des zones d&rsquo;une profondeur nocturne et des \u00e9clats cristallins.<\/span><\/p><h3><span style=\"font-family: tahoma, arial, helvetica, sans-serif; font-size: 14pt;\">Le saviez-vous? Le violet fonc\u00e9 de l&rsquo;Am\u00e9thyste du Br\u00e9sil provient de deux facteurs g\u00e9ologiques lors de sa formation dans la roche: la pr\u00e9sence de fer et l&rsquo;irradiation naturelle.<\/span><\/h3><p><span style=\"font-family: tahoma, arial, helvetica, sans-serif;\">Plus le quartz contient de fer et plus il a \u00e9t\u00e9 expos\u00e9 longuement \u00e0 cette irradiation naturelle pendant sa formation, plus le violet sera intense, sombre et profond.<\/span><\/p><h3><span style=\"font-family: tahoma, arial, helvetica, sans-serif;\">Un bijou artisanal pour le quotidien<\/span><\/h3><p><span style=\"font-family: tahoma, arial, helvetica, sans-serif;\">Compos\u00e9 de perles rondes minutieusement polies, ce bijou en Am\u00e9thyste v\u00e9ritable est mont\u00e9 sur un \u00e9lastique durable et extensible. Son design \u00e9pur\u00e9 et sa couleur riche en font un accessoire mixte, facile \u00e0 porter seul ou en accumulation avec d&rsquo;autres bracelets en pierres de protection.<\/span><\/p>\t\t\t\t\t\t\t\t<\/div>\n\t\t\t\t<\/div>\n\t\t\t\t\t<\/div>\n\t\t<\/div>\n\t\t\t\t\t<\/div>\n\t\t<\/section>\n\t\t\t\t<section class=\"elementor-section elementor-top-section elementor-element elementor-element-1aea8d77 elementor-section-boxed elementor-section-height-default elementor-section-height-default\" data-id=\"1aea8d77\" data-element_type=\"section\" data-e-type=\"section\">\n\t\t\t\t\t\t<div class=\"elementor-container elementor-column-gap-default\">\n\t\t\t\t\t<div class=\"elementor-column elementor-col-100 elementor-top-column elementor-element elementor-element-6d3e4655\" data-id=\"6d3e4655\" data-element_type=\"column\" data-e-type=\"column\">\n\t\t\t<div class=\"elementor-widget-wrap elementor-element-populated\">\n\t\t\t\t\t\t<div class=\"elementor-element elementor-element-3fea8dde elementor-widget elementor-widget-heading\" data-id=\"3fea8dde\" data-element_type=\"widget\" data-e-type=\"widget\" data-widget_type=\"heading.default\">\n\t\t\t\t<div class=\"elementor-widget-container\">\n\t\t\t\t\t<h2 class=\"elementor-heading-title elementor-size-default\">LITHOTHERAPIE: VERTUS ET BIENFAITS DE L' AM\u00c9THYSTE FONC\u00c9E NATURELLE BR\u00c9SIL<\/h2>\t\t\t\t<\/div>\n\t\t\t\t<\/div>\n\t\t\t\t<div class=\"elementor-element elementor-element-6463a1cb elementor-widget elementor-widget-text-editor\" data-id=\"6463a1cb\" data-element_type=\"widget\" data-e-type=\"widget\" data-widget_type=\"text-editor.default\">\n\t\t\t\t<div class=\"elementor-widget-container\">\n\t\t\t\t\t\t\t\t\t<h3 style=\"text-align: justify;\"><span style=\"font-family: tahoma, arial, helvetica, sans-serif;\">La Lithoth\u00e9rapie\u00a0 apporte du bien-\u00eatre, au moyen de cristaux. <\/span><\/h3><p style=\"text-align: justify;\"><span style=\"font-family: tahoma, arial, helvetica, sans-serif;\">C\u2019est une m\u00e9thode th\u00e9rapeutique utilis\u00e9e tr\u00e8s largement afin d&rsquo;am\u00e9liorer le quotidien.<\/span><\/p><p style=\"text-align: justify;\"><span style=\"font-family: tahoma, arial, helvetica, sans-serif;\">En effet, dans toutes les civilisations, hommes et femmes ont port\u00e9 des bijoux en pierres naturelles pour leurs vertus.<\/span><\/p><p style=\"text-align: justify;\"><span style=\"font-family: tahoma, arial, helvetica, sans-serif;\"> Les pierres poss\u00e8dent, des vibrations et des qualit\u00e9s qui les rendent aptes \u00e0 d\u00e9nouer les tensions physiques et psychiques.<br \/><\/span><\/p><p style=\"text-align: justify;\"><span style=\"font-family: tahoma, arial, helvetica, sans-serif;\">Ainsi, la composition chimique singuli\u00e8re de chaque pierres naturelles et\u00a0 leur v\u00e9cu avec les \u00eatres humains pendant des si\u00e8cles, nous d\u00e9voilent leurs vertus .<\/span><\/p><p><span style=\"font-family: tahoma, arial, helvetica, sans-serif;\">Donc, au del\u00e0 de la beaut\u00e9 que vous offre ce bracelet en v\u00e9ritable pierres naturelles d&rsquo;Am\u00e9thyste fonc\u00e9e naturelle du Br\u00e9sil, celui ci vous apportera \u00e9norm\u00e9ment de bienfaits, tant au niveau mental que physique.<\/span><\/p><h3><span style=\"font-family: tahoma, arial, helvetica, sans-serif; font-size: 14pt;\">L&rsquo;Am\u00e9thyste est la pierre de la sagesse, de la s\u00e9r\u00e9nit\u00e9 et de l\u2019\u00e9quilibre.<\/span><\/h3><p><span style=\"font-family: tahoma, arial, helvetica, sans-serif;\">Aussi, elle d\u00e9veloppe l&rsquo;acuit\u00e9 et affine les intuitions.<\/span><\/p><p><span style=\"font-family: tahoma, arial, helvetica, sans-serif;\">En effet, son pouvoir d&rsquo;\u00e9l\u00e9vation spirituel renforce la clart\u00e9 de l&rsquo;esprit.<\/span><\/p><p><span style=\"font-family: tahoma, arial, helvetica, sans-serif;\">De plus, pendant la m\u00e9ditation, elle \u00e9loigne ce qui pourrait nous distraire et aide \u00e0 la concentration. <\/span><\/p><h3><span style=\"font-family: tahoma, arial, helvetica, sans-serif; font-size: 14pt;\">Ainsi, l&rsquo;Am\u00e9thyste agit contre le stress , apaise les angoisses et permet un sommeil r\u00e9parateur.<\/span><\/h3><p><span style=\"font-family: tahoma, arial, helvetica, sans-serif;\">Le terme \u00ab\u00a0Am\u00e9thyste vient du grec \u00ab\u00a0am\u00e9thystos\u00a0\u00bb, qui signifie prot\u00e9ger contre l&rsquo;ivresse, une r\u00e9f\u00e9rence aux mythes de l&rsquo;origine de la pierre.<br \/><\/span><\/p><p><span style=\"font-family: tahoma, arial, helvetica, sans-serif;\">On dit \u00e9galement qu&rsquo;elle prot\u00e9gerait des sorts et de l&rsquo;ivresse.<\/span><\/p><p><span style=\"font-family: tahoma, arial, helvetica, sans-serif;\">Retrouver un \u00e9quilibre int\u00e9rieur, calmer l&rsquo;esprit, se relaxer profond\u00e9ment ou sortir pour de bon d&rsquo;une relation toxique: c&rsquo;est l&rsquo;Am\u00e9thyste qu&rsquo;il vous faut!!<\/span><\/p><p><span style=\"font-family: tahoma, arial, helvetica, sans-serif;\"> L&rsquo;Am\u00e9thyste n&rsquo;aime pas la chaleur ni le soleil.On la rechargera plut\u00f4t \u00e0 la lumi\u00e8re de la lune ou sur un tapis de Quartz.<\/span><\/p><p><span style=\"font-family: tahoma, arial, helvetica, sans-serif;\">On la porte sur soi, en v\u00e9rifiant bien que la pierre reste en contact avec la peau pour plus d&rsquo;impact.<br \/><\/span><\/p>\t\t\t\t\t\t\t\t<\/div>\n\t\t\t\t<\/div>\n\t\t\t\t\t<\/div>\n\t\t<\/div>\n\t\t\t\t\t<\/div>\n\t\t<\/section>\n\t\t\t\t<section class=\"elementor-section elementor-top-section elementor-element elementor-element-3fbeb3fb elementor-section-boxed elementor-section-height-default elementor-section-height-default\" data-id=\"3fbeb3fb\" data-element_type=\"section\" data-e-type=\"section\">\n\t\t\t\t\t\t<div class=\"elementor-container elementor-column-gap-default\">\n\t\t\t\t\t<div class=\"elementor-column elementor-col-100 elementor-top-column elementor-element elementor-element-13e857a8\" data-id=\"13e857a8\" data-element_type=\"column\" data-e-type=\"column\">\n\t\t\t<div class=\"elementor-widget-wrap elementor-element-populated\">\n\t\t\t\t\t\t<div class=\"elementor-element elementor-element-664f5c32 elementor-widget elementor-widget-heading\" data-id=\"664f5c32\" data-element_type=\"widget\" data-e-type=\"widget\" data-widget_type=\"heading.default\">\n\t\t\t\t<div class=\"elementor-widget-container\">\n\t\t\t\t\t<h2 class=\"elementor-heading-title elementor-size-default\">EN R\u00c9SUM\u00c9, LES BIENFAITS DE L'AM\u00c9THYSTE FONC\u00c9E NATURELLE  BR\u00c9SIL SONT:<\/h2>\t\t\t\t<\/div>\n\t\t\t\t<\/div>\n\t\t\t\t<div class=\"elementor-element elementor-element-3f27333c elementor-widget elementor-widget-text-editor\" data-id=\"3f27333c\" data-element_type=\"widget\" data-e-type=\"widget\" data-widget_type=\"text-editor.default\">\n\t\t\t\t<div class=\"elementor-widget-container\">\n\t\t\t\t\t\t\t\t\t<ul><li><h3><span style=\"font-family: tahoma, arial, helvetica, sans-serif; font-size: 14pt;\">Pierre de Protection et d&rsquo;Harmonie<br \/><\/span><\/h3><\/li><li><h3><span style=\"font-family: tahoma, arial, helvetica, sans-serif; font-size: 14pt;\">Am\u00e9liore la clairvoyance<br \/><\/span><\/h3><\/li><li><h3><span style=\"font-family: tahoma, arial, helvetica, sans-serif; font-size: 14pt;\">Apporte le calme et la s\u00e9r\u00e9nit\u00e9<br \/><\/span><\/h3><\/li><li><h3><span style=\"font-family: tahoma, arial, helvetica, sans-serif; font-size: 14pt;\">Renforce la sagesse<br \/><\/span><\/h3><\/li><li><h3><span style=\"font-family: tahoma, arial, helvetica, sans-serif; font-size: 14pt;\">Facilite l&rsquo;\u00e9l\u00e9vation spirituelle<br \/><\/span><\/h3><\/li><li><h3><span style=\"font-family: tahoma, arial, helvetica, sans-serif; font-size: 14pt;\">D\u00e9veloppe la concentration<br \/><\/span><\/h3><\/li><li><h3><span style=\"font-family: tahoma, arial, helvetica, sans-serif; font-size: 14pt;\">Anti-stress naturel<br \/><\/span><\/h3><\/li><li><h3><span style=\"font-family: tahoma, arial, helvetica, sans-serif; font-size: 14pt;\">Calme les temp\u00e9raments excessifs<br \/><\/span><\/h3><\/li><li><h3><span style=\"font-family: tahoma, arial, helvetica, sans-serif; font-size: 14pt;\">Favorise un sommeil r\u00e9parateur<br \/><\/span><\/h3><\/li><li><h3><span style=\"font-family: tahoma, arial, helvetica, sans-serif; font-size: 14pt;\">Prot\u00e8ge des influences n\u00e9fastes <br \/><\/span><\/h3><\/li><li><h3><span style=\"font-size: 14pt; font-family: tahoma, arial, helvetica, sans-serif;\">Contribue \u00e0 la sobri\u00e9t\u00e9 ( alcoolique)<\/span><\/h3><\/li><li><h3><span style=\"font-size: 14pt; font-family: tahoma, arial, helvetica, sans-serif;\">Permet la relaxation profonde<\/span><\/h3><\/li><\/ul>\t\t\t\t\t\t\t\t<\/div>\n\t\t\t\t<\/div>\n\t\t\t\t\t<\/div>\n\t\t<\/div>\n\t\t\t\t\t<\/div>\n\t\t<\/section>\n\t\t\t\t<section class=\"elementor-section elementor-top-section elementor-element elementor-element-3ed17e1a elementor-section-boxed elementor-section-height-default elementor-section-height-default\" data-id=\"3ed17e1a\" data-element_type=\"section\" data-e-type=\"section\">\n\t\t\t\t\t\t<div class=\"elementor-container elementor-column-gap-default\">\n\t\t\t\t\t<div class=\"elementor-column elementor-col-100 elementor-top-column elementor-element elementor-element-391e1215\" data-id=\"391e1215\" data-element_type=\"column\" data-e-type=\"column\">\n\t\t\t<div class=\"elementor-widget-wrap elementor-element-populated\">\n\t\t\t\t\t\t<div class=\"elementor-element elementor-element-766d36fb elementor-widget elementor-widget-heading\" data-id=\"766d36fb\" data-element_type=\"widget\" data-e-type=\"widget\" data-widget_type=\"heading.default\">\n\t\t\t\t<div class=\"elementor-widget-container\">\n\t\t\t\t\t<h2 class=\"elementor-heading-title elementor-size-default\">QUELS SONT LES SIGNES ASTROLOGIQUES CORRESPONDANT A L' AM\u00c9THYSTE FONC\u00c9E NATURELLE  BR\u00c9SIL?<\/h2>\t\t\t\t<\/div>\n\t\t\t\t<\/div>\n\t\t\t\t<div class=\"elementor-element elementor-element-2bfccbbd elementor-widget elementor-widget-text-editor\" data-id=\"2bfccbbd\" data-element_type=\"widget\" data-e-type=\"widget\" data-widget_type=\"text-editor.default\">\n\t\t\t\t<div class=\"elementor-widget-container\">\n\t\t\t\t\t\t\t\t\t<p style=\"text-align: justify;\"><span style=\"font-family: tahoma, arial, helvetica, sans-serif;\">Selon votre signe astrologique, certaines pierres naturelles fonctionneraient mieux que d&rsquo;autres.<\/span><\/p><h3><span style=\"font-family: tahoma, arial, helvetica, sans-serif; font-size: 14pt;\">D\u2019apr\u00e8s mes recherches, la pierre naturelle d&rsquo;Am\u00e9thyste serait extr\u00eamement efficace avec les signes astrologiques suivants:\u00a0<\/span><\/h3><ul style=\"list-style-type: circle;\"><li><span style=\"font-family: tahoma, arial, helvetica, sans-serif;\">Poisson<\/span><\/li><li><span style=\"font-family: tahoma, arial, helvetica, sans-serif;\">Verseau<br \/><\/span><\/li><li><span style=\"font-family: tahoma, arial, helvetica, sans-serif;\">B\u00e9lier<\/span><\/li><\/ul>\t\t\t\t\t\t\t\t<\/div>\n\t\t\t\t<\/div>\n\t\t\t\t\t<\/div>\n\t\t<\/div>\n\t\t\t\t\t<\/div>\n\t\t<\/section>\n\t\t\t\t<section class=\"elementor-section elementor-top-section elementor-element elementor-element-4a8c8d39 elementor-section-boxed elementor-section-height-default elementor-section-height-default\" data-id=\"4a8c8d39\" data-element_type=\"section\" data-e-type=\"section\">\n\t\t\t\t\t\t<div class=\"elementor-container elementor-column-gap-default\">\n\t\t\t\t\t<div class=\"elementor-column elementor-col-100 elementor-top-column elementor-element elementor-element-49f17352\" data-id=\"49f17352\" data-element_type=\"column\" data-e-type=\"column\">\n\t\t\t<div class=\"elementor-widget-wrap elementor-element-populated\">\n\t\t\t\t\t\t<div class=\"elementor-element elementor-element-76183eca elementor-widget elementor-widget-heading\" data-id=\"76183eca\" data-element_type=\"widget\" data-e-type=\"widget\" data-widget_type=\"heading.default\">\n\t\t\t\t<div class=\"elementor-widget-container\">\n\t\t\t\t\t<h2 class=\"elementor-heading-title elementor-size-default\">QUELS SONT LES CHAKRAS CORRESPONDANT A L'AM\u00c9THYSTE FONC\u00c9E NATURELLE DU BR\u00c9SIL?<\/h2>\t\t\t\t<\/div>\n\t\t\t\t<\/div>\n\t\t\t\t<div class=\"elementor-element elementor-element-664d6498 elementor-widget elementor-widget-text-editor\" data-id=\"664d6498\" data-element_type=\"widget\" data-e-type=\"widget\" data-widget_type=\"text-editor.default\">\n\t\t\t\t<div class=\"elementor-widget-container\">\n\t\t\t\t\t\t\t\t\t<h3 style=\"text-align: justify;\"><span style=\"font-family: tahoma, arial, helvetica, sans-serif;\">Les chakras sont comme des points de jonction de centres d\u2019\u00e9nergie de notre corps, invisibles \u00e0 l\u2019\u0153il nu.<\/span><\/h3><p style=\"text-align: justify;\"><span style=\"font-family: tahoma, arial, helvetica, sans-serif;\"> On en compte 7\u00a0 principaux (et des milliers secondaires), du bout du sacrum jusqu&rsquo;au sommet du crane.( En savoir plus sur <span style=\"text-decoration: underline;\"><a href=\"https:\/\/sante.journaldesfemmes.fr\/fiches-psycho-psychiatrie\/2735555-chakra-role-signification-liste-les-ouvrir-test-role\/\" target=\"_blank\" rel=\"noopener\">les chakras<\/a><\/span>) <br \/><\/span><\/p><p><span style=\"font-family: tahoma, arial, helvetica, sans-serif;\">Elisa Degrave, g\u00e9o-biologue et bio-\u00e9nerg\u00e9ticienne, explique que l&rsquo;humain est un \u00eatre vibratoire qui \u00e9met un champ magn\u00e9tique ( que certains appellent l&rsquo;aura) , qui lui permet de capter les \u00e9nergies dans son environnement, qui arrivent dans le corps physique, via les chakras.<\/span><\/p><p><span style=\"font-family: tahoma, arial, helvetica, sans-serif;\">Ouvrir ses chakras demande, comme un sport, une pratique r\u00e9guli\u00e8re.<\/span><\/p><p><span style=\"font-family: tahoma, arial, helvetica, sans-serif;\"> La sp\u00e9cialiste recommande une pratique corporelle assidue, compos\u00e9es d&rsquo;exercices de respiration, de m\u00e9ditation, et de yoga. <\/span><\/p><p><span style=\"font-family: tahoma, arial, helvetica, sans-serif;\">Et puisque les chakras sont li\u00e9s aux \u00e9motions, le port de pierres naturelles pourrait \u00eatre b\u00e9n\u00e9fique selon le chakra que ces derni\u00e8res pourraient lib\u00e9rer.<\/span><\/p><h3><span style=\"font-family: tahoma, arial, helvetica, sans-serif;\"><span style=\"font-size: 14pt;\">Concernant la pierre naturelle d&rsquo;Am\u00e9thyste , elle est associ\u00e9e au Chakra Coronal, au sommet de la t\u00eate (\u00e9nergie cosmique), \u00e0 celui du Plexus Solaire (confiance en soi) et du 3eme \u0153il ( intuition et clairvoyance).<br \/><\/span><\/span><\/h3>\t\t\t\t\t\t\t\t<\/div>\n\t\t\t\t<\/div>\n\t\t\t\t\t<\/div>\n\t\t<\/div>\n\t\t\t\t\t<\/div>\n\t\t<\/section>\n\t\t\t\t<section class=\"elementor-section elementor-top-section elementor-element elementor-element-2cb64996 elementor-section-boxed elementor-section-height-default elementor-section-height-default\" data-id=\"2cb64996\" data-element_type=\"section\" data-e-type=\"section\">\n\t\t\t\t\t\t<div class=\"elementor-container elementor-column-gap-default\">\n\t\t\t\t\t<div class=\"elementor-column elementor-col-100 elementor-top-column elementor-element elementor-element-66f8fae9\" data-id=\"66f8fae9\" data-element_type=\"column\" data-e-type=\"column\">\n\t\t\t<div class=\"elementor-widget-wrap elementor-element-populated\">\n\t\t\t\t\t\t<div class=\"elementor-element elementor-element-187f7965 elementor-widget elementor-widget-heading\" data-id=\"187f7965\" data-element_type=\"widget\" data-e-type=\"widget\" data-widget_type=\"heading.default\">\n\t\t\t\t<div class=\"elementor-widget-container\">\n\t\t\t\t\t<h2 class=\"elementor-heading-title elementor-size-default\">QUELLES PIERRES ASSOCIER AU BRACELET EN AM\u00c9THYSTE FONC\u00c9E NATURELLE  BR\u00c9SIL?<\/h2>\t\t\t\t<\/div>\n\t\t\t\t<\/div>\n\t\t\t\t<div class=\"elementor-element elementor-element-2e31f6db elementor-widget elementor-widget-text-editor\" data-id=\"2e31f6db\" data-element_type=\"widget\" data-e-type=\"widget\" data-widget_type=\"text-editor.default\">\n\t\t\t\t<div class=\"elementor-widget-container\">\n\t\t\t\t\t\t\t\t\t<p style=\"text-align: justify;\"><span style=\"font-family: tahoma, arial, helvetica, sans-serif;\">Porter des pierres agissant sur les m\u00eames chakras permet de renforcer leurs bienfaits.<\/span><\/p><h3><span style=\"font-family: tahoma, arial, helvetica, sans-serif;\"><span style=\"font-size: 14pt;\">L&rsquo;Am\u00e9thyste peut \u00eatre associ\u00e9e avec la Labradorite, le Quartz Rose,<span style=\"text-decoration: underline;\"><a href=\"https:\/\/lespierresdegaelle.fr\/?product=pendentif-narurel-peristerite\" target=\"_blank\" rel=\"noopener\">la P\u00e9risterite <\/a><\/span>et la Pierre de lune.<br \/><\/span><\/span><\/h3>\t\t\t\t\t\t\t\t<\/div>\n\t\t\t\t<\/div>\n\t\t\t\t\t<\/div>\n\t\t<\/div>\n\t\t\t\t\t<\/div>\n\t\t<\/section>\n\t\t\t\t<section class=\"elementor-section elementor-top-section elementor-element elementor-element-68b3fdd elementor-section-boxed elementor-section-height-default elementor-section-height-default\" data-id=\"68b3fdd\" data-element_type=\"section\" data-e-type=\"section\">\n\t\t\t\t\t\t<div class=\"elementor-container elementor-column-gap-default\">\n\t\t\t\t\t<div class=\"elementor-column elementor-col-100 elementor-top-column elementor-element elementor-element-5bb7ccf2\" data-id=\"5bb7ccf2\" data-element_type=\"column\" data-e-type=\"column\">\n\t\t\t<div class=\"elementor-widget-wrap elementor-element-populated\">\n\t\t\t\t\t\t<div class=\"elementor-element elementor-element-4d8257df elementor-widget elementor-widget-heading\" data-id=\"4d8257df\" data-element_type=\"widget\" data-e-type=\"widget\" data-widget_type=\"heading.default\">\n\t\t\t\t<div class=\"elementor-widget-container\">\n\t\t\t\t\t<h2 class=\"elementor-heading-title elementor-size-default\">BRACELET DE HAUTE QUALIT\u00c9 EN AM\u00c9THYSTE FONC\u00c9E NATURELLE DU BR\u00c9SIL<\/h2>\t\t\t\t<\/div>\n\t\t\t\t<\/div>\n\t\t\t\t<div class=\"elementor-element elementor-element-7314423 elementor-widget elementor-widget-global elementor-global-10278 elementor-widget-text-editor\" data-id=\"7314423\" data-element_type=\"widget\" data-e-type=\"widget\" data-widget_type=\"text-editor.default\">\n\t\t\t\t<div class=\"elementor-widget-container\">\n\t\t\t\t\t\t\t\t\t<h4><span style=\"font-family: tahoma, arial, helvetica, sans-serif;\"><span style=\"font-size: 14pt;\">Vous remarquerez que ce superbe bijou est r\u00e9alis\u00e9 de mani\u00e8re \u00e0 rendre le n\u0153ud totalement invisible, contrairement au bracelet de basse qualit\u00e9 \u00a0\u00bb made in China\u00a0\u00bb<\/span>.<\/span><\/h4><p><span style=\"font-family: tahoma, arial, helvetica, sans-serif;\">Une technique extr\u00eamement efficace, mise au point apr\u00e8s de nombreux essais qui ne manquera pas de vous satisfaire.<\/span><\/p><p><span style=\"font-family: tahoma, arial, helvetica, sans-serif;\">En effet, voir le n\u0153ud du bracelet, n&rsquo;est pas du tout esth\u00e9tique!!!<\/span><\/p><h4><span style=\"font-family: tahoma, arial, helvetica, sans-serif; font-size: 14pt;\">De plus, toutes les perles de pierres naturelles v\u00e9ritables qui composent mes bracelets sont rigoureusement s\u00e9lectionn\u00e9es par mes soins .<\/span><\/h4><p><span style=\"font-family: tahoma, arial, helvetica, sans-serif; font-size: 14pt;\">En effet , je travaille uniquement avec des fournisseurs r\u00e9put\u00e9s dont le s\u00e9rieux peut se v\u00e9rifier par plusieurs biais, en particulier celui de la mise \u00e0 disposition des certificats d&rsquo;authenticit\u00e9 des pierres naturelles, d\u00e9livr\u00e9s par un laboratoire de gemmologie ind\u00e9pendant.<\/span><\/p><p><span style=\"font-family: tahoma, arial, helvetica, sans-serif;\">Ceci, afin de garantir \u00e0 mes client(es) des bracelets aussi ravissants que vertueux.<\/span><\/p><p><span style=\"font-family: tahoma, arial, helvetica, sans-serif;\">Gr\u00e2ce \u00e0 ces tests rigoureux, je peux donc vous proposer de superbes bracelets en pierres naturelles de haute qualit\u00e9 au meilleur prix.<\/span><\/p><p><span style=\"font-family: tahoma, arial, helvetica, sans-serif;\">Aussi, j&rsquo;utilise du fil \u00e9lastique de haute r\u00e9sistance, que je double pour que mes bijoux soient le plus robustes possible. <\/span><\/p><p><span style=\"font-family: tahoma, arial, helvetica, sans-serif;\">Si toutefois, vous constatiez un d\u00e9faut sur mes cr\u00e9ations artisanales, n&rsquo;h\u00e9sitez pas \u00e0 m&rsquo;en faire part via la messagerie instantan\u00e9e ; les bracelets \u00e9tant assembl\u00e9s \u00e0 la main , je ne suis malheureusement pas \u00e0 l&rsquo;abri d&rsquo;une erreur et m&rsquo;en excuse par avance. Vous pouvez aussi me contacter via la page Facebook en cliquant<a href=\"https:\/\/www.facebook.com\/profile.php?id=100086981967537\" target=\"_blank\" rel=\"noopener\"> sur <span style=\"text-decoration: underline;\">ce lien<\/span><\/a>.<br \/><\/span><\/p>\t\t\t\t\t\t\t\t<\/div>\n\t\t\t\t<\/div>\n\t\t\t\t\t<\/div>\n\t\t<\/div>\n\t\t\t\t\t<\/div>\n\t\t<\/section>\n\t\t\t\t<\/div>\n\t\t","protected":false},"excerpt":{"rendered":"<h3 style=\"text-align: center;\">\u2217\u2217Bracelet d&rsquo;Am\u00e9thyste Fonc\u00e9e Br\u00e9sil\u2217\u2217<\/h3>\n<h2 style=\"text-align: center;\"><\/h2>\n<h2 style=\"text-align: center;\"><span style=\"color: #7d0b7d;\">\u221a Pierre d&rsquo;Harmonie<\/span><\/h2>\n<h2 style=\"text-align: center;\"><span style=\"color: #7d0b7d;\">\u221a Apporte la sagesse<\/span><\/h2>\n<h2 style=\"text-align: center;\"><span style=\"color: #7d0b7d;\">\u221a 100% Pierre Naturelle<\/span><\/h2>\n<h4 style=\"text-align: center;\"><\/h4>\n<h4 style=\"text-align: center;\">Confectionn\u00e9 \u00e0 la main<\/h4>\n<h4 style=\"text-align: center;\">Fil \u00e9lastique robuste<\/h4>\n<h4 style=\"text-align: center;\">N\u0153ud Invisible<\/h4>\n<h4 style=\"text-align: center;\">Tr\u00e8s belle finition<\/h4>\n<h4 style=\"text-align: center;\">Perles en 8mm.<\/h4>\n<h2 style=\"text-align: center;\"><\/h2>\n<h2 style=\"text-align: center;\">\u00a0\u21d2 Fabrication Fran\u00e7aise, au c\u0153ur de la Bretagne<\/h2>\n<h2 style=\"text-align: center;\">\u00a0\u21d2 Livraison tr\u00e8s rapide et paiement s\u00e9curis\u00e9<\/h2>\n<h2 style=\"text-align: center;\">\u00a0\u21d2 4 Tailles de bracelets au choix.<\/h2>\n","protected":false},"featured_media":18466,"comment_status":"open","ping_status":"closed","template":"","meta":{"site-sidebar-layout":"default","site-content-layout":"default","ast-site-content-layout":"default","site-content-style":"default","site-sidebar-style":"default","ast-global-header-display":"","ast-banner-title-visibility":"","ast-main-header-display":"","ast-hfb-above-header-display":"","ast-hfb-below-header-display":"","ast-hfb-mobile-header-display":"","site-post-title":"","ast-breadcrumbs-content":"","ast-featured-img":"","footer-sml-layout":"","ast-disable-related-posts":"","theme-transparent-header-meta":"default","adv-header-id-meta":"","stick-header-meta":"","header-above-stick-meta":"","header-main-stick-meta":"","header-below-stick-meta":"","astra-migrate-meta-layouts":"set","ast-page-background-enabled":"default","ast-page-background-meta":{"desktop":{"background-color":"","background-image":"","background-repeat":"repeat","background-position":"center center","background-size":"auto","background-attachment":"scroll","background-type":"","background-media":"","overlay-type":"","overlay-color":"","overlay-opacity":"","overlay-gradient":""},"tablet":{"background-color":"","background-image":"","background-repeat":"repeat","background-position":"center center","background-size":"auto","background-attachment":"scroll","background-type":"","background-media":"","overlay-type":"","overlay-color":"","overlay-opacity":"","overlay-gradient":""},"mobile":{"background-color":"","background-image":"","background-repeat":"repeat","background-position":"center center","background-size":"auto","background-attachment":"scroll","background-type":"","background-media":"","overlay-type":"","overlay-color":"","overlay-opacity":"","overlay-gradient":""}},"ast-content-background-meta":{"desktop":{"background-color":"var(--ast-global-color-5)","background-image":"","background-repeat":"repeat","background-position":"center center","background-size":"auto","background-attachment":"scroll","background-type":"","background-media":"","overlay-type":"","overlay-color":"","overlay-opacity":"","overlay-gradient":""},"tablet":{"background-color":"var(--ast-global-color-5)","background-image":"","background-repeat":"repeat","background-position":"center center","background-size":"auto","background-attachment":"scroll","background-type":"","background-media":"","overlay-type":"","overlay-color":"","overlay-opacity":"","overlay-gradient":""},"mobile":{"background-color":"var(--ast-global-color-5)","background-image":"","background-repeat":"repeat","background-position":"center center","background-size":"auto","background-attachment":"scroll","background-type":"","background-media":"","overlay-type":"","overlay-color":"","overlay-opacity":"","overlay-gradient":""}}},"product_brand":[],"product_cat":[258,106,105],"product_tag":[119,180,173,184],"class_list":["post-18458","product","type-product","status-publish","has-post-thumbnail","product_cat-bracelet-avec-perles-en-8mm","product_cat-pierre-dapaisement","product_cat-pierre-dharmonie","product_tag-amethyste","product_tag-anti-stress","product_tag-bracelet","product_tag-pierre-naturelle","desktop-align-left","tablet-align-left","mobile-align-left","first","instock","taxable","shipping-taxable","purchasable","product-type-variable"],"yoast_head":"<!-- This site is optimized with the Yoast SEO plugin v28.3 - https:\/\/yoast.com\/product\/yoast-seo-wordpress\/ -->\n<title>Am\u00e9thyste Fonc\u00e9e Naturelle Br\u00e9sil - 24,90\u20ac - Bracelet Artisanal -<\/title>\n<meta name=\"description\" content=\"Am\u00e9thyste Fonc\u00e9e Naturelle Br\u00e9sil Haute Qualit\u00e9 - N\u0153ud Invisible - Anti addiction - Sagesse - Harmonie - perles en 8mm - plusieurs tailles au choix -\" \/>\n<meta name=\"robots\" content=\"index, follow, max-snippet:-1, max-image-preview:large, max-video-preview:-1\" \/>\n<link rel=\"canonical\" href=\"https:\/\/lespierresdegaelle.fr\/?product=bracelet-amethyste-foncee-bresil\" \/>\n<meta property=\"og:locale\" content=\"fr_FR\" \/>\n<meta property=\"og:type\" content=\"article\" \/>\n<meta property=\"og:title\" content=\"Am\u00e9thyste Fonc\u00e9e Naturelle Br\u00e9sil - 24,90\u20ac - Bracelet Artisanal -\" \/>\n<meta property=\"og:description\" content=\"Am\u00e9thyste Fonc\u00e9e Naturelle Br\u00e9sil Haute Qualit\u00e9 - N\u0153ud Invisible - Anti addiction - Sagesse - Harmonie - perles en 8mm - plusieurs tailles au choix -\" \/>\n<meta property=\"og:url\" content=\"https:\/\/lespierresdegaelle.fr\/?product=bracelet-amethyste-foncee-bresil\" \/>\n<meta property=\"og:site_name\" content=\"Les Pierres de Ga\u00eblle\" \/>\n<meta property=\"article:modified_time\" content=\"2026-08-30T09:22:59+00:00\" \/>\n<meta property=\"og:image\" content=\"https:\/\/lespierresdegaelle.fr\/wp-content\/uploads\/2026\/07\/Photoroom_20260705_154416.jpeg\" \/>\n\t<meta property=\"og:image:width\" content=\"1512\" \/>\n\t<meta property=\"og:image:height\" content=\"2016\" \/>\n\t<meta property=\"og:image:type\" content=\"image\/jpeg\" \/>\n<meta name=\"twitter:card\" content=\"summary_large_image\" \/>\n<meta name=\"twitter:label1\" content=\"Dur\u00e9e de lecture estim\u00e9e\" \/>\n\t<meta name=\"twitter:data1\" content=\"6 minutes\" \/>\n<script type=\"application\/ld+json\" class=\"yoast-schema-graph\">{\"@context\":\"https:\\\/\\\/schema.org\",\"@graph\":[{\"@type\":\"WebPage\",\"@id\":\"https:\\\/\\\/lespierresdegaelle.fr\\\/?product=bracelet-amethyste-foncee-bresil\",\"url\":\"https:\\\/\\\/lespierresdegaelle.fr\\\/?product=bracelet-amethyste-foncee-bresil\",\"name\":\"Am\u00e9thyste Fonc\u00e9e Naturelle Br\u00e9sil - 24,90\u20ac - Bracelet Artisanal -\",\"isPartOf\":{\"@id\":\"https:\\\/\\\/lespierresdegaelle.fr\\\/#website\"},\"primaryImageOfPage\":{\"@id\":\"https:\\\/\\\/lespierresdegaelle.fr\\\/?product=bracelet-amethyste-foncee-bresil#primaryimage\"},\"image\":{\"@id\":\"https:\\\/\\\/lespierresdegaelle.fr\\\/?product=bracelet-amethyste-foncee-bresil#primaryimage\"},\"thumbnailUrl\":\"https:\\\/\\\/i0.wp.com\\\/lespierresdegaelle.fr\\\/wp-content\\\/uploads\\\/2026\\\/07\\\/Photoroom_20260705_154416.jpeg?fit=1512%2C2016&ssl=1\",\"datePublished\":\"2026-07-05T16:06:17+00:00\",\"dateModified\":\"2026-08-30T09:22:59+00:00\",\"description\":\"Am\u00e9thyste Fonc\u00e9e Naturelle Br\u00e9sil Haute Qualit\u00e9 - N\u0153ud Invisible - Anti addiction - Sagesse - Harmonie - perles en 8mm - plusieurs tailles au choix -\",\"breadcrumb\":{\"@id\":\"https:\\\/\\\/lespierresdegaelle.fr\\\/?product=bracelet-amethyste-foncee-bresil#breadcrumb\"},\"inLanguage\":\"fr-FR\",\"potentialAction\":[{\"@type\":\"ReadAction\",\"target\":[\"https:\\\/\\\/lespierresdegaelle.fr\\\/?product=bracelet-amethyste-foncee-bresil\"]}]},{\"@type\":\"ImageObject\",\"inLanguage\":\"fr-FR\",\"@id\":\"https:\\\/\\\/lespierresdegaelle.fr\\\/?product=bracelet-amethyste-foncee-bresil#primaryimage\",\"url\":\"https:\\\/\\\/i0.wp.com\\\/lespierresdegaelle.fr\\\/wp-content\\\/uploads\\\/2026\\\/07\\\/Photoroom_20260705_154416.jpeg?fit=1512%2C2016&ssl=1\",\"contentUrl\":\"https:\\\/\\\/i0.wp.com\\\/lespierresdegaelle.fr\\\/wp-content\\\/uploads\\\/2026\\\/07\\\/Photoroom_20260705_154416.jpeg?fit=1512%2C2016&ssl=1\",\"width\":1512,\"height\":2016,\"caption\":\"Bracelet artisanal, Am\u00e9thyste violet fonc\u00e9, perles rondes naturelles du Br\u00e9sil\"},{\"@type\":\"BreadcrumbList\",\"@id\":\"https:\\\/\\\/lespierresdegaelle.fr\\\/?product=bracelet-amethyste-foncee-bresil#breadcrumb\",\"itemListElement\":[{\"@type\":\"ListItem\",\"position\":1,\"name\":\"Accueil\",\"item\":\"https:\\\/\\\/lespierresdegaelle.fr\\\/\"},{\"@type\":\"ListItem\",\"position\":2,\"name\":\"Bracelets Robustes, Pendentifs, avec des Pierres 100% Naturelles.\",\"item\":\"https:\\\/\\\/lespierresdegaelle.fr\\\/?page_id=8946\"},{\"@type\":\"ListItem\",\"position\":3,\"name\":\"Am\u00e9thyste Fonc\u00e9e Naturelle Br\u00e9sil\"}]},{\"@type\":\"WebSite\",\"@id\":\"https:\\\/\\\/lespierresdegaelle.fr\\\/#website\",\"url\":\"https:\\\/\\\/lespierresdegaelle.fr\\\/\",\"name\":\"Les Pierres de Ga\u00eblle\",\"description\":\"Bracelet de qualit\u00e9\",\"publisher\":{\"@id\":\"https:\\\/\\\/lespierresdegaelle.fr\\\/#organization\"},\"potentialAction\":[{\"@type\":\"SearchAction\",\"target\":{\"@type\":\"EntryPoint\",\"urlTemplate\":\"https:\\\/\\\/lespierresdegaelle.fr\\\/?s={search_term_string}\"},\"query-input\":{\"@type\":\"PropertyValueSpecification\",\"valueRequired\":true,\"valueName\":\"search_term_string\"}}],\"inLanguage\":\"fr-FR\"},{\"@type\":\"Organization\",\"@id\":\"https:\\\/\\\/lespierresdegaelle.fr\\\/#organization\",\"name\":\"Les Pierres de Ga\u00eblle\",\"url\":\"https:\\\/\\\/lespierresdegaelle.fr\\\/\",\"logo\":{\"@type\":\"ImageObject\",\"inLanguage\":\"fr-FR\",\"@id\":\"https:\\\/\\\/lespierresdegaelle.fr\\\/#\\\/schema\\\/logo\\\/image\\\/\",\"url\":\"https:\\\/\\\/i0.wp.com\\\/lespierresdegaelle.fr\\\/wp-content\\\/uploads\\\/2022\\\/08\\\/full_trimmed_transparent_base-1.png?fit=1757%2C1799&ssl=1\",\"contentUrl\":\"https:\\\/\\\/i0.wp.com\\\/lespierresdegaelle.fr\\\/wp-content\\\/uploads\\\/2022\\\/08\\\/full_trimmed_transparent_base-1.png?fit=1757%2C1799&ssl=1\",\"width\":1757,\"height\":1799,\"caption\":\"Les Pierres de Ga\u00eblle\"},\"image\":{\"@id\":\"https:\\\/\\\/lespierresdegaelle.fr\\\/#\\\/schema\\\/logo\\\/image\\\/\"}}]}<\/script>\n<!-- \/ Yoast SEO plugin. -->","yoast_head_json":{"title":"Am\u00e9thyste Fonc\u00e9e Naturelle Br\u00e9sil - 24,90\u20ac - Bracelet Artisanal -","description":"Am\u00e9thyste Fonc\u00e9e Naturelle Br\u00e9sil Haute Qualit\u00e9 - N\u0153ud Invisible - Anti addiction - Sagesse - Harmonie - perles en 8mm - plusieurs tailles au choix -","robots":{"index":"index","follow":"follow","max-snippet":"max-snippet:-1","max-image-preview":"max-image-preview:large","max-video-preview":"max-video-preview:-1"},"canonical":"https:\/\/lespierresdegaelle.fr\/?product=bracelet-amethyste-foncee-bresil","og_locale":"fr_FR","og_type":"article","og_title":"Am\u00e9thyste Fonc\u00e9e Naturelle Br\u00e9sil - 24,90\u20ac - Bracelet Artisanal -","og_description":"Am\u00e9thyste Fonc\u00e9e Naturelle Br\u00e9sil Haute Qualit\u00e9 - N\u0153ud Invisible - Anti addiction - Sagesse - Harmonie - perles en 8mm - plusieurs tailles au choix -","og_url":"https:\/\/lespierresdegaelle.fr\/?product=bracelet-amethyste-foncee-bresil","og_site_name":"Les Pierres de Ga\u00eblle","article_modified_time":"2026-08-30T09:22:59+00:00","og_image":[{"width":1512,"height":2016,"url":"https:\/\/lespierresdegaelle.fr\/wp-content\/uploads\/2026\/07\/Photoroom_20260705_154416.jpeg","type":"image\/jpeg"}],"twitter_card":"summary_large_image","twitter_misc":{"Dur\u00e9e de lecture estim\u00e9e":"6 minutes"},"schema":{"@context":"https:\/\/schema.org","@graph":[{"@type":"WebPage","@id":"https:\/\/lespierresdegaelle.fr\/?product=bracelet-amethyste-foncee-bresil","url":"https:\/\/lespierresdegaelle.fr\/?product=bracelet-amethyste-foncee-bresil","name":"Am\u00e9thyste Fonc\u00e9e Naturelle Br\u00e9sil - 24,90\u20ac - Bracelet Artisanal -","isPartOf":{"@id":"https:\/\/lespierresdegaelle.fr\/#website"},"primaryImageOfPage":{"@id":"https:\/\/lespierresdegaelle.fr\/?product=bracelet-amethyste-foncee-bresil#primaryimage"},"image":{"@id":"https:\/\/lespierresdegaelle.fr\/?product=bracelet-amethyste-foncee-bresil#primaryimage"},"thumbnailUrl":"https:\/\/i0.wp.com\/lespierresdegaelle.fr\/wp-content\/uploads\/2026\/07\/Photoroom_20260705_154416.jpeg?fit=1512%2C2016&ssl=1","datePublished":"2026-07-05T16:06:17+00:00","dateModified":"2026-08-30T09:22:59+00:00","description":"Am\u00e9thyste Fonc\u00e9e Naturelle Br\u00e9sil Haute Qualit\u00e9 - N\u0153ud Invisible - Anti addiction - Sagesse - Harmonie - perles en 8mm - plusieurs tailles au choix -","breadcrumb":{"@id":"https:\/\/lespierresdegaelle.fr\/?product=bracelet-amethyste-foncee-bresil#breadcrumb"},"inLanguage":"fr-FR","potentialAction":[{"@type":"ReadAction","target":["https:\/\/lespierresdegaelle.fr\/?product=bracelet-amethyste-foncee-bresil"]}]},{"@type":"ImageObject","inLanguage":"fr-FR","@id":"https:\/\/lespierresdegaelle.fr\/?product=bracelet-amethyste-foncee-bresil#primaryimage","url":"https:\/\/i0.wp.com\/lespierresdegaelle.fr\/wp-content\/uploads\/2026\/07\/Photoroom_20260705_154416.jpeg?fit=1512%2C2016&ssl=1","contentUrl":"https:\/\/i0.wp.com\/lespierresdegaelle.fr\/wp-content\/uploads\/2026\/07\/Photoroom_20260705_154416.jpeg?fit=1512%2C2016&ssl=1","width":1512,"height":2016,"caption":"Bracelet artisanal, Am\u00e9thyste violet fonc\u00e9, perles rondes naturelles du Br\u00e9sil"},{"@type":"BreadcrumbList","@id":"https:\/\/lespierresdegaelle.fr\/?product=bracelet-amethyste-foncee-bresil#breadcrumb","itemListElement":[{"@type":"ListItem","position":1,"name":"Accueil","item":"https:\/\/lespierresdegaelle.fr\/"},{"@type":"ListItem","position":2,"name":"Bracelets Robustes, Pendentifs, avec des Pierres 100% Naturelles.","item":"https:\/\/lespierresdegaelle.fr\/?page_id=8946"},{"@type":"ListItem","position":3,"name":"Am\u00e9thyste Fonc\u00e9e Naturelle Br\u00e9sil"}]},{"@type":"WebSite","@id":"https:\/\/lespierresdegaelle.fr\/#website","url":"https:\/\/lespierresdegaelle.fr\/","name":"Les Pierres de Ga\u00eblle","description":"Bracelet de qualit\u00e9","publisher":{"@id":"https:\/\/lespierresdegaelle.fr\/#organization"},"potentialAction":[{"@type":"SearchAction","target":{"@type":"EntryPoint","urlTemplate":"https:\/\/lespierresdegaelle.fr\/?s={search_term_string}"},"query-input":{"@type":"PropertyValueSpecification","valueRequired":true,"valueName":"search_term_string"}}],"inLanguage":"fr-FR"},{"@type":"Organization","@id":"https:\/\/lespierresdegaelle.fr\/#organization","name":"Les Pierres de Ga\u00eblle","url":"https:\/\/lespierresdegaelle.fr\/","logo":{"@type":"ImageObject","inLanguage":"fr-FR","@id":"https:\/\/lespierresdegaelle.fr\/#\/schema\/logo\/image\/","url":"https:\/\/i0.wp.com\/lespierresdegaelle.fr\/wp-content\/uploads\/2022\/08\/full_trimmed_transparent_base-1.png?fit=1757%2C1799&ssl=1","contentUrl":"https:\/\/i0.wp.com\/lespierresdegaelle.fr\/wp-content\/uploads\/2022\/08\/full_trimmed_transparent_base-1.png?fit=1757%2C1799&ssl=1","width":1757,"height":1799,"caption":"Les Pierres de Ga\u00eblle"},"image":{"@id":"https:\/\/lespierresdegaelle.fr\/#\/schema\/logo\/image\/"}}]}},"jetpack_sharing_enabled":true,"_links":{"self":[{"href":"https:\/\/lespierresdegaelle.fr\/index.php?rest_route=\/wp\/v2\/product\/18458","targetHints":{"allow":["GET"]}}],"collection":[{"href":"https:\/\/lespierresdegaelle.fr\/index.php?rest_route=\/wp\/v2\/product"}],"about":[{"href":"https:\/\/lespierresdegaelle.fr\/index.php?rest_route=\/wp\/v2\/types\/product"}],"replies":[{"embeddable":true,"href":"https:\/\/lespierresdegaelle.fr\/index.php?rest_route=%2Fwp%2Fv2%2Fcomments&post=18458"}],"version-history":[{"count":13,"href":"https:\/\/lespierresdegaelle.fr\/index.php?rest_route=\/wp\/v2\/product\/18458\/revisions"}],"predecessor-version":[{"id":18497,"href":"https:\/\/lespierresdegaelle.fr\/index.php?rest_route=\/wp\/v2\/product\/18458\/revisions\/18497"}],"wp:featuredmedia":[{"embeddable":true,"href":"https:\/\/lespierresdegaelle.fr\/index.php?rest_route=\/wp\/v2\/media\/18466"}],"wp:attachment":[{"href":"https:\/\/lespierresdegaelle.fr\/index.php?rest_route=%2Fwp%2Fv2%2Fmedia&parent=18458"}],"wp:term":[{"taxonomy":"product_brand","embeddable":true,"href":"https:\/\/lespierresdegaelle.fr\/index.php?rest_route=%2Fwp%2Fv2%2Fproduct_brand&post=18458"},{"taxonomy":"product_cat","embeddable":true,"href":"https:\/\/lespierresdegaelle.fr\/index.php?rest_route=%2Fwp%2Fv2%2Fproduct_cat&post=18458"},{"taxonomy":"product_tag","embeddable":true,"href":"https:\/\/lespierresdegaelle.fr\/index.php?rest_route=%2Fwp%2Fv2%2Fproduct_tag&post=18458"}],"curies":[{"name":"wp","href":"https:\/\/api.w.org\/{rel}","templated":true}]}}